{"id":13,"date":"2025-04-01T12:31:56","date_gmt":"2025-04-01T10:31:56","guid":{"rendered":"https:\/\/etge.pl\/?page_id=13"},"modified":"2025-07-24T15:23:02","modified_gmt":"2025-07-24T13:23:02","slug":"polityka-prywatnosci","status":"publish","type":"page","link":"https:\/\/etge.pl\/sk\/polityka-prywatnosci\/","title":{"rendered":"Polityka prywatno\u015bci"},"content":{"rendered":"<div data-elementor-type=\"wp-page\" data-elementor-id=\"13\" class=\"elementor elementor-13\" data-elementor-post-type=\"page\">\n\t\t\t\t\t\t<section class=\"elementor-section elementor-top-section elementor-element elementor-element-2db82144 elementor-section-boxed elementor-section-height-default elementor-section-height-default\" data-id=\"2db82144\" data-element_type=\"section\">\n\t\t\t\t\t\t<div class=\"elementor-container elementor-column-gap-default\">\n\t\t\t\t\t<div class=\"elementor-column elementor-col-100 elementor-top-column elementor-element elementor-element-663ee9d7\" data-id=\"663ee9d7\" data-element_type=\"column\">\n\t\t\t<div class=\"elementor-widget-wrap elementor-element-populated\">\n\t\t\t\t\t\t<div class=\"elementor-element elementor-element-5d5ba6c8 elementor-widget elementor-widget-text-editor\" data-id=\"5d5ba6c8\" data-element_type=\"widget\" data-widget_type=\"text-editor.default\">\n\t\t\t\t<div class=\"elementor-widget-container\">\n\t\t\t\t\t\t\t\t\t<h3>Polityka prywatno\u015bci<\/h3><h4>1. Administrator danych osobowych<\/h4><p>Administratorem danych osobowych przetwarzanych w zwi\u0105zku z korzystaniem ze Sklepu jest P.H.U. &#8221; EURO-TRADE&#8221; Szymon Sporek&#8221; z siedzib\u0105 w 34-371 Sobl\u00f3wka .<\/p><h4>2. Cele, podstawy prawne i zakres przetwarzania danych<\/h4><p>Dane osobowe Klient\u00f3w s\u0105 przetwarzane zgodnie z obowi\u0105zuj\u0105cymi przepisami prawa, w szczeg\u00f3lno\u015bci z Rozporz\u0105dzeniem Parlamentu Europejskiego i Rady (UE) 2016\/679 (RODO), w nast\u0119puj\u0105cych celach:<\/p><ul><li><p>realizacja umowy sprzeda\u017cy Towar\u00f3w (art. 6 ust. 1 lit. b RODO),<\/p><\/li><li><p>prowadzenie konta u\u017cytkownika (art. 6 ust. 1 lit. b RODO),<\/p><\/li><li><p>realizacja obowi\u0105zk\u00f3w podatkowych i rachunkowych (art. 6 ust. 1 lit. c RODO),<\/p><\/li><li><p>prowadzenie dzia\u0142a\u0144 marketingowych na podstawie zgody (art. 6 ust. 1 lit. a RODO),<\/p><\/li><li><p>rozpatrywanie reklamacji i obs\u0142uga zwrot\u00f3w.<\/p><\/li><\/ul><p>Podanie danych osobowych jest dobrowolne, jednak niezb\u0119dne do zawarcia i wykonania umowy.<\/p><h4>3. Odbiorcy danych<\/h4><p>Dane osobowe mog\u0105 by\u0107 przekazywane podmiotom wsp\u00f3\u0142pracuj\u0105cym ze Sprzedawc\u0105, w tym:<\/p><ul><li><p>operatorom p\u0142atno\u015bci elektronicznych,<\/p><\/li><li><p>firmom kurierskim i transportowym,<\/p><\/li><li><p>dostawcom us\u0142ug informatycznych,<\/p><\/li><li><p>podmiotom \u015bwiadcz\u0105cym us\u0142ugi ksi\u0119gowe i prawne,<\/p><\/li><li><p>organom publicznym, je\u017celi taki obowi\u0105zek wynika z przepis\u00f3w prawa.<\/p><\/li><\/ul><h4>4. Okres przechowywania danych<\/h4><p>Dane osobowe przechowywane s\u0105 przez okres:<\/p><ul><li><p>trwania umowy oraz obowi\u0105zywania przepis\u00f3w prawa podatkowego (do 6 lat),<\/p><\/li><li><p>do momentu wycofania zgody \u2013 w przypadku danych przetwarzanych na podstawie zgody,<\/p><\/li><li><p>do czasu przedawnienia roszcze\u0144 wynikaj\u0105cych z zawartej umowy.<\/p><\/li><\/ul><h4>5. Prawa os\u00f3b, kt\u00f3rych dane dotycz\u0105<\/h4><p>Osobie, kt\u00f3rej dane dotycz\u0105, przys\u0142uguje prawo do:<\/p><ul><li><p>dost\u0119pu do tre\u015bci danych,<\/p><\/li><li><p>ich sprostowania, usuni\u0119cia lub ograniczenia przetwarzania,<\/p><\/li><li><p>wniesienia sprzeciwu wobec przetwarzania,<\/p><\/li><li><p>przenoszenia danych,<\/p><\/li><li><p>cofni\u0119cia zgody w dowolnym momencie,<\/p><\/li><li><p>wniesienia skargi do Prezesa Urz\u0119du Ochrony Danych Osobowych.<\/p><\/li><\/ul><h4>6. Pliki cookies<\/h4><p>Sklep wykorzystuje pliki cookies w celu zapewnienia prawid\u0142owego dzia\u0142ania serwisu, analizy ruchu oraz personalizacji tre\u015bci. U\u017cytkownik mo\u017ce zarz\u0105dza\u0107 ustawieniami cookies w swojej przegl\u0105darce internetowej.<\/p><h4>7. Kontakt z administratorem<\/h4><p>Wszelkie zapytania dotycz\u0105ce przetwarzania danych osobowych nale\u017cy kierowa\u0107 na adres e-mail: <a title=\"\">import.eurotrade@gmail.com<\/a> lub listownie na adres siedziby P.H.U. &#8222;EURO-TRADE&#8221;.<\/p>\t\t\t\t\t\t\t\t<\/div>\n\t\t\t\t<\/div>\n\t\t\t\t\t<\/div>\n\t\t<\/div>\n\t\t\t\t\t<\/div>\n\t\t<\/section>\n\t\t\t\t<\/div>","protected":false},"excerpt":{"rendered":"<p>Polityka prywatno\u015bci 1. Administrator danych osobowych Administratorem danych osobowych przetwarzanych w zwi\u0105zku z korzystaniem ze Sklepu jest P.H.U. &#8221; EURO-TRADE&#8221; Szymon Sporek&#8221; z siedzib\u0105 w 34-371 Sobl\u00f3wka . 2. Cele, podstawy prawne i zakres przetwarzania danych Dane osobowe Klient\u00f3w s\u0105 przetwarzane&#8230;<\/p>","protected":false},"author":1,"featured_media":0,"parent":0,"menu_order":0,"comment_status":"closed","ping_status":"closed","template":"elementor_header_footer","meta":{"footnotes":""},"class_list":["post-13","page","type-page","status-publish","hentry"],"_links":{"self":[{"href":"https:\/\/etge.pl\/sk\/wp-json\/wp\/v2\/pages\/13","targetHints":{"allow":["GET"]}}],"collection":[{"href":"https:\/\/etge.pl\/sk\/wp-json\/wp\/v2\/pages"}],"about":[{"href":"https:\/\/etge.pl\/sk\/wp-json\/wp\/v2\/types\/page"}],"author":[{"embeddable":true,"href":"https:\/\/etge.pl\/sk\/wp-json\/wp\/v2\/users\/1"}],"replies":[{"embeddable":true,"href":"https:\/\/etge.pl\/sk\/wp-json\/wp\/v2\/comments?post=13"}],"version-history":[{"count":14,"href":"https:\/\/etge.pl\/sk\/wp-json\/wp\/v2\/pages\/13\/revisions"}],"predecessor-version":[{"id":24789,"href":"https:\/\/etge.pl\/sk\/wp-json\/wp\/v2\/pages\/13\/revisions\/24789"}],"wp:attachment":[{"href":"https:\/\/etge.pl\/sk\/wp-json\/wp\/v2\/media?parent=13"}],"curies":[{"name":"wp","href":"https:\/\/api.w.org\/{rel}","templated":true}]}}